{"id":3651,"date":"2022-10-06T12:18:08","date_gmt":"2022-10-06T10:18:08","guid":{"rendered":"https:\/\/p5.seoway.de\/?page_id=3651"},"modified":"2026-05-03T07:58:50","modified_gmt":"2026-05-03T05:58:50","slug":"ayurvedic-facial-head-and-neck-massage","status":"publish","type":"page","link":"https:\/\/www.sakura-spa.ch\/en\/massages\/ayurvedic-facial-head-and-neck-massage\/","title":{"rendered":"Ayurvedic facial, head and neck massage"},"content":{"rendered":"<div data-elementor-type=\"wp-page\" data-elementor-id=\"3651\" class=\"elementor elementor-3651\" data-elementor-post-type=\"page\">\n\t\t\t\t\t\t<section class=\"elementor-section elementor-top-section elementor-element elementor-element-7cadfa14 elementor-section-full_width elementor-section-height-default elementor-section-height-default\" data-id=\"7cadfa14\" data-element_type=\"section\">\n\t\t\t\t\t\t<div class=\"elementor-container elementor-column-gap-no\">\n\t\t\t\t\t<div class=\"elementor-column elementor-col-100 elementor-top-column elementor-element elementor-element-24ad9956\" data-id=\"24ad9956\" data-element_type=\"column\">\n\t\t\t<div class=\"elementor-widget-wrap elementor-element-populated\">\n\t\t\t\t\t\t<div class=\"elementor-element elementor-element-272a63f7 elementor--h-position-left elementor--v-position-middle elementor-widget elementor-widget-slides\" data-id=\"272a63f7\" data-element_type=\"widget\" data-settings=\"{&quot;navigation&quot;:&quot;none&quot;,&quot;autoplay&quot;:&quot;yes&quot;,&quot;pause_on_hover&quot;:&quot;yes&quot;,&quot;pause_on_interaction&quot;:&quot;yes&quot;,&quot;autoplay_speed&quot;:5000,&quot;infinite&quot;:&quot;yes&quot;,&quot;transition&quot;:&quot;slide&quot;,&quot;transition_speed&quot;:500}\" data-widget_type=\"slides.default\">\n\t\t\t\t<div class=\"elementor-widget-container\">\n\t\t\t\t\t\t\t\t\t<div class=\"elementor-swiper\">\n\t\t\t\t\t<div class=\"elementor-slides-wrapper elementor-main-swiper swiper\" role=\"region\" aria-roledescription=\"carousel\" aria-label=\"slider\" dir=\"ltr\" data-animation=\"fadeInUp\">\n\t\t\t\t<div class=\"swiper-wrapper elementor-slides\">\n\t\t\t\t\t\t\t\t\t\t<div class=\"elementor-repeater-item-11679b6 swiper-slide\" role=\"group\" aria-roledescription=\"slide\"><div class=\"swiper-slide-bg elementor-ken-burns elementor-ken-burns--in\" role=\"img\"><\/div><div class=\"swiper-slide-inner\" ><div class=\"swiper-slide-contents\"><div class=\"elementor-slide-heading\">Ayurvedic facial, head and neck massage<\/div><div class=\"elementor-slide-description\">Calmness and regeneration<\/div><a href=\"#elementor-action%3Aaction%3Dpopup%3Aopen%26settings%3DeyJpZCI6IjM1IiwidG9nZ2xlIjpmYWxzZX0%3D\" class=\"elementor-button elementor-slide-button elementor-size-md\">Request your preferred date<\/a><\/div><\/div><\/div>\t\t\t\t<\/div>\n\t\t\t\t\t\t\t<\/div>\n\t\t\t\t<\/div>\n\t\t\t\t\t\t\t\t<\/div>\n\t\t\t\t<\/div>\n\t\t\t\t\t<\/div>\n\t\t<\/div>\n\t\t\t\t\t<\/div>\n\t\t<\/section>\n\t\t\t\t<section class=\"elementor-section elementor-top-section elementor-element elementor-element-53f712c3 elementor-section-boxed elementor-section-height-default elementor-section-height-default\" data-id=\"53f712c3\" data-element_type=\"section\" data-settings=\"{&quot;background_background&quot;:&quot;classic&quot;}\">\n\t\t\t\t\t\t\t<div class=\"elementor-background-overlay\"><\/div>\n\t\t\t\t\t\t\t<div class=\"elementor-container elementor-column-gap-default\">\n\t\t\t\t\t<div class=\"elementor-column elementor-col-100 elementor-top-column elementor-element elementor-element-12af9689\" data-id=\"12af9689\" data-element_type=\"column\">\n\t\t\t<div class=\"elementor-widget-wrap elementor-element-populated\">\n\t\t\t\t\t\t<div class=\"elementor-element elementor-element-468a84b7 elementor-widget elementor-widget-global elementor-global-332 elementor-widget-breadcrumbs\" data-id=\"468a84b7\" data-element_type=\"widget\" data-widget_type=\"breadcrumbs.default\">\n\t\t\t\t<div class=\"elementor-widget-container\">\n\t\t\t\t\t<p id=\"breadcrumbs\"><span><span><a href=\"https:\/\/www.sakura-spa.ch\/en\/\">home page<\/a><\/span><\/span><\/p>\t\t\t\t<\/div>\n\t\t\t\t<\/div>\n\t\t\t\t\t<\/div>\n\t\t<\/div>\n\t\t\t\t\t<\/div>\n\t\t<\/section>\n\t\t\t\t<section class=\"elementor-section elementor-top-section elementor-element elementor-element-06811a5 elementor-section-boxed elementor-section-height-default elementor-section-height-default\" data-id=\"06811a5\" data-element_type=\"section\">\n\t\t\t\t\t\t<div class=\"elementor-container elementor-column-gap-default\">\n\t\t\t\t\t<div class=\"elementor-column elementor-col-100 elementor-top-column elementor-element elementor-element-33e6687\" data-id=\"33e6687\" data-element_type=\"column\">\n\t\t\t<div class=\"elementor-widget-wrap elementor-element-populated\">\n\t\t\t\t\t\t<div class=\"elementor-element elementor-element-c90083c elementor-widget elementor-widget-heading\" data-id=\"c90083c\" data-element_type=\"widget\" data-widget_type=\"heading.default\">\n\t\t\t\t<div class=\"elementor-widget-container\">\n\t\t\t\t\t<h1 class=\"elementor-heading-title elementor-size-default\">Ayurvedic face, head and neck massage<\/h1>\t\t\t\t<\/div>\n\t\t\t\t<\/div>\n\t\t\t\t\t<\/div>\n\t\t<\/div>\n\t\t\t\t\t<\/div>\n\t\t<\/section>\n\t\t\t\t<section class=\"elementor-section elementor-top-section elementor-element elementor-element-b944ed0 elementor-reverse-tablet elementor-reverse-mobile elementor-section-boxed elementor-section-height-default elementor-section-height-default\" data-id=\"b944ed0\" data-element_type=\"section\">\n\t\t\t\t\t\t<div class=\"elementor-container elementor-column-gap-default\">\n\t\t\t\t\t<div class=\"elementor-column elementor-col-50 elementor-top-column elementor-element elementor-element-8519369\" data-id=\"8519369\" data-element_type=\"column\">\n\t\t\t<div class=\"elementor-widget-wrap elementor-element-populated\">\n\t\t\t\t\t\t<div class=\"elementor-element elementor-element-12c7f8c elementor-widget elementor-widget-text-editor\" data-id=\"12c7f8c\" data-element_type=\"widget\" data-widget_type=\"text-editor.default\">\n\t\t\t\t<div class=\"elementor-widget-container\">\n\t\t\t\t\t\t\t\t\t<p>The Ayurvedic facial massage Muka-Padabhyanga with plenty of warm oil is one of the most sensitive treatments in Ayurveda. In addition to its rejuvenating and beautifying effect, it includes an intensive neck and head massage, which has a particularly calming effect on the overstimulated nervous system.<\/p>\t\t\t\t\t\t\t\t<\/div>\n\t\t\t\t<\/div>\n\t\t\t\t<div class=\"elementor-element elementor-element-71e7c42 elementor-widget elementor-widget-heading\" data-id=\"71e7c42\" data-element_type=\"widget\" data-widget_type=\"heading.default\">\n\t\t\t\t<div class=\"elementor-widget-container\">\n\t\t\t\t\t<h2 class=\"elementor-heading-title elementor-size-default\">Free flow of energy - the head as a gateway to heaven<\/h2>\t\t\t\t<\/div>\n\t\t\t\t<\/div>\n\t\t\t\t<div class=\"elementor-element elementor-element-d6461b1 elementor-widget elementor-widget-text-editor\" data-id=\"d6461b1\" data-element_type=\"widget\" data-widget_type=\"text-editor.default\">\n\t\t\t\t<div class=\"elementor-widget-container\">\n\t\t\t\t\t\t\t\t\t<p>In Ayurveda, the head is considered the &quot;gateway to heaven&quot;, which is why the flow of energy should always be free there. The Ayurvedic face, head and neck massage aims to restore such an energetic balance. Warm oil is massaged onto the face and neck and the Ayurvedic energy points &quot;Marma points&quot; are stimulated to balance the energies. These points are located on the chin, upper lip, ears and eyebrows. The Ayurvedic face, head and neck massage has a relaxing, balancing, circulation-increasing, lightly exfoliating and skin-care effect and can relieve headaches, restlessness and sleep disorders. The warm oil has a calming effect on an overstimulated nervous system and gives a feeling of security and well-being.<\/p><p>\u00a0<\/p>\t\t\t\t\t\t\t\t<\/div>\n\t\t\t\t<\/div>\n\t\t\t\t<div class=\"elementor-element elementor-element-f810a41 elementor-widget elementor-widget-heading\" data-id=\"f810a41\" data-element_type=\"widget\" data-widget_type=\"heading.default\">\n\t\t\t\t<div class=\"elementor-widget-container\">\n\t\t\t\t\t<h2 class=\"elementor-heading-title elementor-size-default\">Ayurvedic massages - moments of well-being<\/h2>\t\t\t\t<\/div>\n\t\t\t\t<\/div>\n\t\t\t\t<div class=\"elementor-element elementor-element-f42c935 elementor-widget elementor-widget-text-editor\" data-id=\"f42c935\" data-element_type=\"widget\" data-widget_type=\"text-editor.default\">\n\t\t\t\t<div class=\"elementor-widget-container\">\n\t\t\t\t\t\t\t\t\t<p>Ayurvedic massages with warm oils harmonize the energies and free the body of tissue waste and toxins. Their aim is to reduce stress and experience deep peace and security. The word Ayurveda comes from Sanskrit and literally means knowledge of life. In Sanskrit, &quot;Ayur&quot; - life - is associated with a long and fulfilling lifespan, &quot;Veda&quot; originally means knowledge in its purest form and the understanding of deeper connections. In India, it is said that massage is as important to the human organism as food. The body&#039;s own energies return to their natural flow, the tissue and muscles become elastic and relaxed, the spine is straightened and the mind is calmed. Ayurveda is an ancient Indian health doctrine in which every person is viewed as a unity of body, mind and soul.<\/p>\t\t\t\t\t\t\t\t<\/div>\n\t\t\t\t<\/div>\n\t\t\t\t\t<\/div>\n\t\t<\/div>\n\t\t\t\t<div class=\"elementor-column elementor-col-50 elementor-top-column elementor-element elementor-element-fe48dc9\" data-id=\"fe48dc9\" data-element_type=\"column\">\n\t\t\t<div class=\"elementor-widget-wrap elementor-element-populated\">\n\t\t\t\t\t\t<div class=\"elementor-element elementor-element-140ab15 elementor-widget__width-auto elementor-widget elementor-widget-image\" data-id=\"140ab15\" data-element_type=\"widget\" data-widget_type=\"image.default\">\n\t\t\t\t<div class=\"elementor-widget-container\">\n\t\t\t\t\t\t\t\t\t\t\t\t\t\t\t<img fetchpriority=\"high\" decoding=\"async\" width=\"800\" height=\"534\" src=\"https:\/\/www.sakura-spa.ch\/wp-content\/uploads\/kopfmassage-1024x684.jpg\" class=\"attachment-large size-large wp-image-620\" alt=\"Tao Anti Stress Massage\" srcset=\"https:\/\/www.sakura-spa.ch\/wp-content\/uploads\/kopfmassage-1024x684.jpg 1024w, https:\/\/www.sakura-spa.ch\/wp-content\/uploads\/kopfmassage-300x200.jpg 300w, https:\/\/www.sakura-spa.ch\/wp-content\/uploads\/kopfmassage-768x513.jpg 768w, https:\/\/www.sakura-spa.ch\/wp-content\/uploads\/kopfmassage.jpg 1253w\" sizes=\"(max-width: 800px) 100vw, 800px\" \/>\t\t\t\t\t\t\t\t\t\t\t\t\t\t\t<\/div>\n\t\t\t\t<\/div>\n\t\t\t\t<div class=\"elementor-element elementor-element-bd29a3d elementor-align-center elementor-icon-list--layout-traditional elementor-list-item-link-full_width elementor-widget elementor-widget-global elementor-global-3333 elementor-widget-icon-list\" data-id=\"bd29a3d\" data-element_type=\"widget\" data-widget_type=\"icon-list.default\">\n\t\t\t\t<div class=\"elementor-widget-container\">\n\t\t\t\t\t\t\t<ul class=\"elementor-icon-list-items\">\n\t\t\t\t\t\t\t<li class=\"elementor-icon-list-item\">\n\t\t\t\t\t\t\t\t\t\t<span class=\"elementor-icon-list-text\">40 min. \u2013 85.-<\/span>\n\t\t\t\t\t\t\t\t\t<\/li>\n\t\t\t\t\t\t\t\t<li class=\"elementor-icon-list-item\">\n\t\t\t\t\t\t\t\t\t\t\t<a href=\"https:\/\/shop.tac.eu.com\/Sakura\/shop\/vouchers\/template\/13\/?\">\n\n\t\t\t\t\t\t\t\t\t\t\t<span class=\"elementor-icon-list-text\">Buy Voucher<\/span>\n\t\t\t\t\t\t\t\t\t\t\t<\/a>\n\t\t\t\t\t\t\t\t\t<\/li>\n\t\t\t\t\t\t<\/ul>\n\t\t\t\t\t\t<\/div>\n\t\t\t\t<\/div>\n\t\t\t\t<div class=\"elementor-element elementor-element-7bbe8a5 elementor-widget__width-auto elementor-widget elementor-widget-image\" data-id=\"7bbe8a5\" data-element_type=\"widget\" data-widget_type=\"image.default\">\n\t\t\t\t<div class=\"elementor-widget-container\">\n\t\t\t\t\t\t\t\t\t\t\t\t\t\t\t<img decoding=\"async\" width=\"800\" height=\"559\" src=\"https:\/\/www.sakura-spa.ch\/wp-content\/uploads\/MASSAGE-AYURVEDA_iStock-1250218810_neu-1-1024x716.jpg\" class=\"attachment-large size-large wp-image-8322\" alt=\"\" srcset=\"https:\/\/www.sakura-spa.ch\/wp-content\/uploads\/MASSAGE-AYURVEDA_iStock-1250218810_neu-1-1024x716.jpg 1024w, https:\/\/www.sakura-spa.ch\/wp-content\/uploads\/MASSAGE-AYURVEDA_iStock-1250218810_neu-1-300x210.jpg 300w, https:\/\/www.sakura-spa.ch\/wp-content\/uploads\/MASSAGE-AYURVEDA_iStock-1250218810_neu-1-768x537.jpg 768w, https:\/\/www.sakura-spa.ch\/wp-content\/uploads\/MASSAGE-AYURVEDA_iStock-1250218810_neu-1-1536x1074.jpg 1536w, https:\/\/www.sakura-spa.ch\/wp-content\/uploads\/MASSAGE-AYURVEDA_iStock-1250218810_neu-1-2048x1432.jpg 2048w\" sizes=\"(max-width: 800px) 100vw, 800px\" \/>\t\t\t\t\t\t\t\t\t\t\t\t\t\t\t<\/div>\n\t\t\t\t<\/div>\n\t\t\t\t\t<\/div>\n\t\t<\/div>\n\t\t\t\t\t<\/div>\n\t\t<\/section>\n\t\t\t\t<\/div>","protected":false},"excerpt":{"rendered":"<p>Ayurvedische Gesichts-Kopf- und NackenmassageBeruhigung und RegenerationWunschtermin anfragen Ayurvedische Gesichts-, Kopf- und Nackenmassage Die ayurvedische Gesichtsmassage Muka-Padabhyanga mit reichlich warmem \u00d6l ist im Ayurveda eine der feinf\u00fchligsten Behandlungsweisen. Neben ihrer verj\u00fcngenden und versch\u00f6nenden Wirkung schliesst sie eine intensive Nacken- und Kopfmassage ein, die besonders beruhigend auf das \u00fcberreizte Nervensystem wirkt. Freier Energiefluss &#8211; der Kopf als [&hellip;]<\/p>\n","protected":false},"author":1,"featured_media":6479,"parent":511,"menu_order":0,"comment_status":"closed","ping_status":"closed","template":"","meta":{"footnotes":""},"class_list":["post-3651","page","type-page","status-publish","has-post-thumbnail","hentry"],"yoast_head":"<!-- This site is optimized with the Yoast SEO plugin v25.2 - https:\/\/yoast.com\/wordpress\/plugins\/seo\/ -->\n<title>Ayurvedische Gesichts-Kopf- und Nackenmassage in St. Gallen<\/title>\n<meta name=\"description\" content=\"Sakura Spa Ayurvedische Kopfmassage \u261d in St. Gallen \u2764 Gesichtsmassage \u2764 Nackenmassage \u27bd Jetzt Termin buchen\" \/>\n<meta name=\"robots\" content=\"index, follow, max-snippet:-1, max-image-preview:large, max-video-preview:-1\" \/>\n<link rel=\"canonical\" href=\"https:\/\/www.sakura-spa.ch\/en\/massages\/ayurvedic-facial-head-and-neck-massage\/\" \/>\n<meta property=\"og:locale\" content=\"en_US\" \/>\n<meta property=\"og:type\" content=\"article\" \/>\n<meta property=\"og:title\" content=\"Ayurvedische Gesichts-Kopf- und Nackenmassage in St. Gallen\" \/>\n<meta property=\"og:description\" content=\"Sakura Spa Ayurvedische Kopfmassage \u261d in St. Gallen \u2764 Gesichtsmassage \u2764 Nackenmassage \u27bd Jetzt Termin buchen\" \/>\n<meta property=\"og:url\" content=\"https:\/\/www.sakura-spa.ch\/en\/massages\/ayurvedic-facial-head-and-neck-massage\/\" \/>\n<meta property=\"og:site_name\" content=\"Sakura Spa in St. Gallen\" \/>\n<meta property=\"article:modified_time\" content=\"2026-05-03T05:58:50+00:00\" \/>\n<meta property=\"og:image\" content=\"https:\/\/www.sakura-spa.ch\/wp-content\/uploads\/MASSAGE-KOPF-AdobeStock_123343878-scaled.jpeg\" \/>\n\t<meta property=\"og:image:width\" content=\"2560\" \/>\n\t<meta property=\"og:image:height\" content=\"1707\" \/>\n\t<meta property=\"og:image:type\" content=\"image\/jpeg\" \/>\n<meta name=\"twitter:card\" content=\"summary_large_image\" \/>\n<script type=\"application\/ld+json\" class=\"yoast-schema-graph\">{\"@context\":\"https:\/\/schema.org\",\"@graph\":[{\"@type\":\"WebPage\",\"@id\":\"https:\/\/www.sakura-spa.ch\/massagen\/ayurvedische-gesichts-kopf-und-nackenmassage\/\",\"url\":\"https:\/\/www.sakura-spa.ch\/massagen\/ayurvedische-gesichts-kopf-und-nackenmassage\/\",\"name\":\"Ayurvedische Gesichts-Kopf- und Nackenmassage in St. Gallen\",\"isPartOf\":{\"@id\":\"https:\/\/www.sakura-spa.ch\/#website\"},\"primaryImageOfPage\":{\"@id\":\"https:\/\/www.sakura-spa.ch\/massagen\/ayurvedische-gesichts-kopf-und-nackenmassage\/#primaryimage\"},\"image\":{\"@id\":\"https:\/\/www.sakura-spa.ch\/massagen\/ayurvedische-gesichts-kopf-und-nackenmassage\/#primaryimage\"},\"thumbnailUrl\":\"https:\/\/www.sakura-spa.ch\/wp-content\/uploads\/MASSAGE-KOPF-AdobeStock_123343878-scaled.jpeg\",\"datePublished\":\"2022-10-06T10:18:08+00:00\",\"dateModified\":\"2026-05-03T05:58:50+00:00\",\"description\":\"Sakura Spa Ayurvedische Kopfmassage \u261d in St. Gallen \u2764 Gesichtsmassage \u2764 Nackenmassage \u27bd Jetzt Termin buchen\",\"breadcrumb\":{\"@id\":\"https:\/\/www.sakura-spa.ch\/massagen\/ayurvedische-gesichts-kopf-und-nackenmassage\/#breadcrumb\"},\"inLanguage\":\"en-US\",\"potentialAction\":[{\"@type\":\"ReadAction\",\"target\":[\"https:\/\/www.sakura-spa.ch\/massagen\/ayurvedische-gesichts-kopf-und-nackenmassage\/\"]}]},{\"@type\":\"ImageObject\",\"inLanguage\":\"en-US\",\"@id\":\"https:\/\/www.sakura-spa.ch\/massagen\/ayurvedische-gesichts-kopf-und-nackenmassage\/#primaryimage\",\"url\":\"https:\/\/www.sakura-spa.ch\/wp-content\/uploads\/MASSAGE-KOPF-AdobeStock_123343878-scaled.jpeg\",\"contentUrl\":\"https:\/\/www.sakura-spa.ch\/wp-content\/uploads\/MASSAGE-KOPF-AdobeStock_123343878-scaled.jpeg\",\"width\":2560,\"height\":1707,\"caption\":\"Macro close up portrait of young woman at ayurvedic massage session with aromatic oil dripping on face.\"},{\"@type\":\"BreadcrumbList\",\"@id\":\"https:\/\/www.sakura-spa.ch\/massagen\/ayurvedische-gesichts-kopf-und-nackenmassage\/#breadcrumb\",\"itemListElement\":[{\"@type\":\"ListItem\",\"position\":1,\"name\":\"Startseite\",\"item\":\"https:\/\/www.sakura-spa.ch\/\"},{\"@type\":\"ListItem\",\"position\":2,\"name\":\"Massagen\",\"item\":\"https:\/\/www.sakura-spa.ch\/massagen\/\"},{\"@type\":\"ListItem\",\"position\":3,\"name\":\"Ayurvedische Gesichts-Kopf- und Nackenmassage\"}]},{\"@type\":\"WebSite\",\"@id\":\"https:\/\/www.sakura-spa.ch\/#website\",\"url\":\"https:\/\/www.sakura-spa.ch\/\",\"name\":\"Sakura Spa in St. Gallen\",\"description\":\"Kosmetik, Wellness und Massage\",\"potentialAction\":[{\"@type\":\"SearchAction\",\"target\":{\"@type\":\"EntryPoint\",\"urlTemplate\":\"https:\/\/www.sakura-spa.ch\/?s={search_term_string}\"},\"query-input\":{\"@type\":\"PropertyValueSpecification\",\"valueRequired\":true,\"valueName\":\"search_term_string\"}}],\"inLanguage\":\"en-US\"}]}<\/script>\n<!-- \/ Yoast SEO plugin. -->","yoast_head_json":{"title":"Ayurvedic facial, head and neck massage in St. Gallen","description":"Sakura Spa Ayurvedic head massage \u261d in St. Gallen \u2764 Facial massage \u2764 Neck massage \u27bd Book an appointment now","robots":{"index":"index","follow":"follow","max-snippet":"max-snippet:-1","max-image-preview":"max-image-preview:large","max-video-preview":"max-video-preview:-1"},"canonical":"https:\/\/www.sakura-spa.ch\/en\/massages\/ayurvedic-facial-head-and-neck-massage\/","og_locale":"en_US","og_type":"article","og_title":"Ayurvedische Gesichts-Kopf- und Nackenmassage in St. Gallen","og_description":"Sakura Spa Ayurvedische Kopfmassage \u261d in St. Gallen \u2764 Gesichtsmassage \u2764 Nackenmassage \u27bd Jetzt Termin buchen","og_url":"https:\/\/www.sakura-spa.ch\/en\/massages\/ayurvedic-facial-head-and-neck-massage\/","og_site_name":"Sakura Spa in St. Gallen","article_modified_time":"2026-05-03T05:58:50+00:00","og_image":[{"width":2560,"height":1707,"url":"https:\/\/www.sakura-spa.ch\/wp-content\/uploads\/MASSAGE-KOPF-AdobeStock_123343878-scaled.jpeg","type":"image\/jpeg"}],"twitter_card":"summary_large_image","schema":{"@context":"https:\/\/schema.org","@graph":[{"@type":"WebPage","@id":"https:\/\/www.sakura-spa.ch\/massagen\/ayurvedische-gesichts-kopf-und-nackenmassage\/","url":"https:\/\/www.sakura-spa.ch\/massagen\/ayurvedische-gesichts-kopf-und-nackenmassage\/","name":"Ayurvedic facial, head and neck massage in St. Gallen","isPartOf":{"@id":"https:\/\/www.sakura-spa.ch\/#website"},"primaryImageOfPage":{"@id":"https:\/\/www.sakura-spa.ch\/massagen\/ayurvedische-gesichts-kopf-und-nackenmassage\/#primaryimage"},"image":{"@id":"https:\/\/www.sakura-spa.ch\/massagen\/ayurvedische-gesichts-kopf-und-nackenmassage\/#primaryimage"},"thumbnailUrl":"https:\/\/www.sakura-spa.ch\/wp-content\/uploads\/MASSAGE-KOPF-AdobeStock_123343878-scaled.jpeg","datePublished":"2022-10-06T10:18:08+00:00","dateModified":"2026-05-03T05:58:50+00:00","description":"Sakura Spa Ayurvedic head massage \u261d in St. Gallen \u2764 Facial massage \u2764 Neck massage \u27bd Book an appointment now","breadcrumb":{"@id":"https:\/\/www.sakura-spa.ch\/massagen\/ayurvedische-gesichts-kopf-und-nackenmassage\/#breadcrumb"},"inLanguage":"en-US","potentialAction":[{"@type":"ReadAction","target":["https:\/\/www.sakura-spa.ch\/massagen\/ayurvedische-gesichts-kopf-und-nackenmassage\/"]}]},{"@type":"ImageObject","inLanguage":"en-US","@id":"https:\/\/www.sakura-spa.ch\/massagen\/ayurvedische-gesichts-kopf-und-nackenmassage\/#primaryimage","url":"https:\/\/www.sakura-spa.ch\/wp-content\/uploads\/MASSAGE-KOPF-AdobeStock_123343878-scaled.jpeg","contentUrl":"https:\/\/www.sakura-spa.ch\/wp-content\/uploads\/MASSAGE-KOPF-AdobeStock_123343878-scaled.jpeg","width":2560,"height":1707,"caption":"Macro close up portrait of young woman at ayurvedic massage session with aromatic oil dripping on face."},{"@type":"BreadcrumbList","@id":"https:\/\/www.sakura-spa.ch\/massagen\/ayurvedische-gesichts-kopf-und-nackenmassage\/#breadcrumb","itemListElement":[{"@type":"ListItem","position":1,"name":"Startseite","item":"https:\/\/www.sakura-spa.ch\/"},{"@type":"ListItem","position":2,"name":"Massagen","item":"https:\/\/www.sakura-spa.ch\/massagen\/"},{"@type":"ListItem","position":3,"name":"Ayurvedische Gesichts-Kopf- und Nackenmassage"}]},{"@type":"WebSite","@id":"https:\/\/www.sakura-spa.ch\/#website","url":"https:\/\/www.sakura-spa.ch\/","name":"Sakura Spa in St. Gallen","description":"Cosmetics, Wellness and Massage","potentialAction":[{"@type":"SearchAction","target":{"@type":"EntryPoint","urlTemplate":"https:\/\/www.sakura-spa.ch\/?s={search_term_string}"},"query-input":{"@type":"PropertyValueSpecification","valueRequired":true,"valueName":"search_term_string"}}],"inLanguage":"en-US"}]}},"_links":{"self":[{"href":"https:\/\/www.sakura-spa.ch\/en\/wp-json\/wp\/v2\/pages\/3651","targetHints":{"allow":["GET"]}}],"collection":[{"href":"https:\/\/www.sakura-spa.ch\/en\/wp-json\/wp\/v2\/pages"}],"about":[{"href":"https:\/\/www.sakura-spa.ch\/en\/wp-json\/wp\/v2\/types\/page"}],"author":[{"embeddable":true,"href":"https:\/\/www.sakura-spa.ch\/en\/wp-json\/wp\/v2\/users\/1"}],"replies":[{"embeddable":true,"href":"https:\/\/www.sakura-spa.ch\/en\/wp-json\/wp\/v2\/comments?post=3651"}],"version-history":[{"count":63,"href":"https:\/\/www.sakura-spa.ch\/en\/wp-json\/wp\/v2\/pages\/3651\/revisions"}],"predecessor-version":[{"id":28674,"href":"https:\/\/www.sakura-spa.ch\/en\/wp-json\/wp\/v2\/pages\/3651\/revisions\/28674"}],"up":[{"embeddable":true,"href":"https:\/\/www.sakura-spa.ch\/en\/wp-json\/wp\/v2\/pages\/511"}],"wp:featuredmedia":[{"embeddable":true,"href":"https:\/\/www.sakura-spa.ch\/en\/wp-json\/wp\/v2\/media\/6479"}],"wp:attachment":[{"href":"https:\/\/www.sakura-spa.ch\/en\/wp-json\/wp\/v2\/media?parent=3651"}],"curies":[{"name":"wp","href":"https:\/\/api.w.org\/{rel}","templated":true}]}}